{"id":34,"date":"2024-02-02T11:27:03","date_gmt":"2024-02-02T11:27:03","guid":{"rendered":"https:\/\/events.pmfst.unist.hr\/iem24\/?page_id=34"},"modified":"2024-02-07T07:18:12","modified_gmt":"2024-02-07T07:18:12","slug":"organizacijski-odbor","status":"publish","type":"page","link":"https:\/\/events.pmfst.unist.hr\/iem24\/organizacijski-odbor\/","title":{"rendered":"Organizacijski odbor"},"content":{"rendered":"<div class=\"wpb-content-wrapper\">[vc_row][vc_column][vc_column_text css=&#8221;.vc_custom_1706873203858{margin-bottom: 0px !important;}&#8221;]Organizacijski odbor:<br \/>\nAntonela Czwik, vi\u0161a savjetnica, AZOO<br \/>\ndoc. dr. sc. Gordan Radobolja, prodekan za nastavu, PMF Split<br \/>\ndr. sc. Ana La\u0161tre, pred., PMF Split<br \/>\nMirela Novak, prof., O\u0160 kneza Trpimira, Ka\u0161tel Gomilica<\/p>\n<p>Programski odbor:<br \/>\nsupredsjedavaju\u0107i:<br \/>\ndoc. dr. sc. Gordan Radobolja, prodekan za nastavu, PMF Split<br \/>\nAntonela Czwik, vi\u0161a savjetnica, AZOO<br \/>\n\u010dlanovi:<br \/>\ndoc. dr. sc. Snje\u017eana Brai\u0107, PMF Split, SMD<br \/>\ndr. sc. Jelena Ple\u0161tina, PMF Split<br \/>\n\u017deljka Zori\u0107, v. pred., PMF Split<br \/>\nAnastazija Pa\u017eanin, prof., III gimnazija Split<br \/>\nBla\u017eenka Kunac, prof., O\u0160 Pujanki Split<br \/>\n\u017deljka Ru\u0161\u010di\u0107, prof., O\u0160 Skalice<br \/>\nKatarina Sabli\u0107, MZO[\/vc_column_text][\/vc_column][\/vc_row]\n<\/div>","protected":false},"excerpt":{"rendered":"<p>[vc_row][vc_column][vc_column_text css=&#8221;.vc_custom_1706873203858{margin-bottom: 0px !important;}&#8221;]Organizacijski odbor: Antonela Czwik, vi\u0161a savjetnica, AZOO doc. dr. sc. Gordan Radobolja, prodekan za nastavu, PMF Split dr. sc. Ana La\u0161tre, pred., PMF Split Mirela Novak, prof., O\u0160 kneza Trpimira, Ka\u0161tel Gomilica Programski odbor: supredsjedavaju\u0107i: doc. dr. sc. Gordan Radobolja, prodekan za nastavu, PMF Split Antonela Czwik, vi\u0161a savjetnica, AZOO \u010dlanovi: doc. [&hellip;]<\/p>\n","protected":false},"author":1,"featured_media":0,"parent":0,"menu_order":0,"comment_status":"closed","ping_status":"closed","template":"","meta":{"footnotes":""},"class_list":["post-34","page","type-page","status-publish","hentry"],"yoast_head":"<!-- This site is optimized with the Yoast SEO plugin v27.5 - https:\/\/yoast.com\/product\/yoast-seo-wordpress\/ -->\n<title>Organizacijski odbor - Dr\u017eavni skup &quot;Istra\u017eivanje u edukaciji matematike&quot;<\/title>\n<meta name=\"robots\" content=\"index, follow, max-snippet:-1, max-image-preview:large, max-video-preview:-1\" \/>\n<link rel=\"canonical\" href=\"https:\/\/events.pmfst.unist.hr\/iem24\/organizacijski-odbor\/\" \/>\n<meta property=\"og:locale\" content=\"hr_HR\" \/>\n<meta property=\"og:type\" content=\"article\" \/>\n<meta property=\"og:title\" content=\"Organizacijski odbor - Dr\u017eavni skup &quot;Istra\u017eivanje u edukaciji matematike&quot;\" \/>\n<meta property=\"og:description\" content=\"[vc_row][vc_column][vc_column_text css=&#8221;.vc_custom_1706873203858{margin-bottom: 0px !important;}&#8221;]Organizacijski odbor: Antonela Czwik, vi\u0161a savjetnica, AZOO doc. dr. sc. Gordan Radobolja, prodekan za nastavu, PMF Split dr. sc. Ana La\u0161tre, pred., PMF Split Mirela Novak, prof., O\u0160 kneza Trpimira, Ka\u0161tel Gomilica Programski odbor: supredsjedavaju\u0107i: doc. dr. sc. Gordan Radobolja, prodekan za nastavu, PMF Split Antonela Czwik, vi\u0161a savjetnica, AZOO \u010dlanovi: doc. [&hellip;]\" \/>\n<meta property=\"og:url\" content=\"https:\/\/events.pmfst.unist.hr\/iem24\/organizacijski-odbor\/\" \/>\n<meta property=\"og:site_name\" content=\"Dr\u017eavni skup &quot;Istra\u017eivanje u edukaciji matematike&quot;\" \/>\n<meta property=\"article:modified_time\" content=\"2024-02-07T07:18:12+00:00\" \/>\n<meta name=\"twitter:card\" content=\"summary_large_image\" \/>\n<meta name=\"twitter:label1\" content=\"Procijenjeno vrijeme \u010ditanja\" \/>\n\t<meta name=\"twitter:data1\" content=\"1 minuta\" \/>\n<script type=\"application\/ld+json\" class=\"yoast-schema-graph\">{\"@context\":\"https:\\\/\\\/schema.org\",\"@graph\":[{\"@type\":\"WebPage\",\"@id\":\"https:\\\/\\\/events.pmfst.unist.hr\\\/iem24\\\/organizacijski-odbor\\\/\",\"url\":\"https:\\\/\\\/events.pmfst.unist.hr\\\/iem24\\\/organizacijski-odbor\\\/\",\"name\":\"Organizacijski odbor - Dr\u017eavni skup \\\"Istra\u017eivanje u edukaciji matematike\\\"\",\"isPartOf\":{\"@id\":\"https:\\\/\\\/events.pmfst.unist.hr\\\/iem24\\\/#website\"},\"datePublished\":\"2024-02-02T11:27:03+00:00\",\"dateModified\":\"2024-02-07T07:18:12+00:00\",\"breadcrumb\":{\"@id\":\"https:\\\/\\\/events.pmfst.unist.hr\\\/iem24\\\/organizacijski-odbor\\\/#breadcrumb\"},\"inLanguage\":\"hr\",\"potentialAction\":[{\"@type\":\"ReadAction\",\"target\":[\"https:\\\/\\\/events.pmfst.unist.hr\\\/iem24\\\/organizacijski-odbor\\\/\"]}]},{\"@type\":\"BreadcrumbList\",\"@id\":\"https:\\\/\\\/events.pmfst.unist.hr\\\/iem24\\\/organizacijski-odbor\\\/#breadcrumb\",\"itemListElement\":[{\"@type\":\"ListItem\",\"position\":1,\"name\":\"Home\",\"item\":\"https:\\\/\\\/events.pmfst.unist.hr\\\/iem24\\\/\"},{\"@type\":\"ListItem\",\"position\":2,\"name\":\"Organizacijski odbor\"}]},{\"@type\":\"WebSite\",\"@id\":\"https:\\\/\\\/events.pmfst.unist.hr\\\/iem24\\\/#website\",\"url\":\"https:\\\/\\\/events.pmfst.unist.hr\\\/iem24\\\/\",\"name\":\"Dr\u017eavni skup \\\"Istra\u017eivanje u edukaciji matematike\\\"\",\"description\":\"\",\"publisher\":{\"@id\":\"https:\\\/\\\/events.pmfst.unist.hr\\\/iem24\\\/#organization\"},\"potentialAction\":[{\"@type\":\"SearchAction\",\"target\":{\"@type\":\"EntryPoint\",\"urlTemplate\":\"https:\\\/\\\/events.pmfst.unist.hr\\\/iem24\\\/?s={search_term_string}\"},\"query-input\":{\"@type\":\"PropertyValueSpecification\",\"valueRequired\":true,\"valueName\":\"search_term_string\"}}],\"inLanguage\":\"hr\"},{\"@type\":\"Organization\",\"@id\":\"https:\\\/\\\/events.pmfst.unist.hr\\\/iem24\\\/#organization\",\"name\":\"Dr\u017eavni skup \\\"Istra\u017eivanje u edukaciji matematike\\\"\",\"url\":\"https:\\\/\\\/events.pmfst.unist.hr\\\/iem24\\\/\",\"logo\":{\"@type\":\"ImageObject\",\"inLanguage\":\"hr\",\"@id\":\"https:\\\/\\\/events.pmfst.unist.hr\\\/iem24\\\/#\\\/schema\\\/logo\\\/image\\\/\",\"url\":\"https:\\\/\\\/events.pmfst.unist.hr\\\/phyphi\\\/wp-content\\\/uploads\\\/sites\\\/2\\\/2022\\\/06\\\/logo.png\",\"contentUrl\":\"https:\\\/\\\/events.pmfst.unist.hr\\\/phyphi\\\/wp-content\\\/uploads\\\/sites\\\/2\\\/2022\\\/06\\\/logo.png\",\"width\":75,\"height\":128,\"caption\":\"Dr\u017eavni skup \\\"Istra\u017eivanje u edukaciji matematike\\\"\"},\"image\":{\"@id\":\"https:\\\/\\\/events.pmfst.unist.hr\\\/iem24\\\/#\\\/schema\\\/logo\\\/image\\\/\"}}]}<\/script>\n<!-- \/ Yoast SEO plugin. -->","yoast_head_json":{"title":"Organizacijski odbor - Dr\u017eavni skup \"Istra\u017eivanje u edukaciji matematike\"","robots":{"index":"index","follow":"follow","max-snippet":"max-snippet:-1","max-image-preview":"max-image-preview:large","max-video-preview":"max-video-preview:-1"},"canonical":"https:\/\/events.pmfst.unist.hr\/iem24\/organizacijski-odbor\/","og_locale":"hr_HR","og_type":"article","og_title":"Organizacijski odbor - Dr\u017eavni skup \"Istra\u017eivanje u edukaciji matematike\"","og_description":"[vc_row][vc_column][vc_column_text css=&#8221;.vc_custom_1706873203858{margin-bottom: 0px !important;}&#8221;]Organizacijski odbor: Antonela Czwik, vi\u0161a savjetnica, AZOO doc. dr. sc. Gordan Radobolja, prodekan za nastavu, PMF Split dr. sc. Ana La\u0161tre, pred., PMF Split Mirela Novak, prof., O\u0160 kneza Trpimira, Ka\u0161tel Gomilica Programski odbor: supredsjedavaju\u0107i: doc. dr. sc. Gordan Radobolja, prodekan za nastavu, PMF Split Antonela Czwik, vi\u0161a savjetnica, AZOO \u010dlanovi: doc. [&hellip;]","og_url":"https:\/\/events.pmfst.unist.hr\/iem24\/organizacijski-odbor\/","og_site_name":"Dr\u017eavni skup \"Istra\u017eivanje u edukaciji matematike\"","article_modified_time":"2024-02-07T07:18:12+00:00","twitter_card":"summary_large_image","twitter_misc":{"Procijenjeno vrijeme \u010ditanja":"1 minuta"},"schema":{"@context":"https:\/\/schema.org","@graph":[{"@type":"WebPage","@id":"https:\/\/events.pmfst.unist.hr\/iem24\/organizacijski-odbor\/","url":"https:\/\/events.pmfst.unist.hr\/iem24\/organizacijski-odbor\/","name":"Organizacijski odbor - Dr\u017eavni skup \"Istra\u017eivanje u edukaciji matematike\"","isPartOf":{"@id":"https:\/\/events.pmfst.unist.hr\/iem24\/#website"},"datePublished":"2024-02-02T11:27:03+00:00","dateModified":"2024-02-07T07:18:12+00:00","breadcrumb":{"@id":"https:\/\/events.pmfst.unist.hr\/iem24\/organizacijski-odbor\/#breadcrumb"},"inLanguage":"hr","potentialAction":[{"@type":"ReadAction","target":["https:\/\/events.pmfst.unist.hr\/iem24\/organizacijski-odbor\/"]}]},{"@type":"BreadcrumbList","@id":"https:\/\/events.pmfst.unist.hr\/iem24\/organizacijski-odbor\/#breadcrumb","itemListElement":[{"@type":"ListItem","position":1,"name":"Home","item":"https:\/\/events.pmfst.unist.hr\/iem24\/"},{"@type":"ListItem","position":2,"name":"Organizacijski odbor"}]},{"@type":"WebSite","@id":"https:\/\/events.pmfst.unist.hr\/iem24\/#website","url":"https:\/\/events.pmfst.unist.hr\/iem24\/","name":"Dr\u017eavni skup \"Istra\u017eivanje u edukaciji matematike\"","description":"","publisher":{"@id":"https:\/\/events.pmfst.unist.hr\/iem24\/#organization"},"potentialAction":[{"@type":"SearchAction","target":{"@type":"EntryPoint","urlTemplate":"https:\/\/events.pmfst.unist.hr\/iem24\/?s={search_term_string}"},"query-input":{"@type":"PropertyValueSpecification","valueRequired":true,"valueName":"search_term_string"}}],"inLanguage":"hr"},{"@type":"Organization","@id":"https:\/\/events.pmfst.unist.hr\/iem24\/#organization","name":"Dr\u017eavni skup \"Istra\u017eivanje u edukaciji matematike\"","url":"https:\/\/events.pmfst.unist.hr\/iem24\/","logo":{"@type":"ImageObject","inLanguage":"hr","@id":"https:\/\/events.pmfst.unist.hr\/iem24\/#\/schema\/logo\/image\/","url":"https:\/\/events.pmfst.unist.hr\/phyphi\/wp-content\/uploads\/sites\/2\/2022\/06\/logo.png","contentUrl":"https:\/\/events.pmfst.unist.hr\/phyphi\/wp-content\/uploads\/sites\/2\/2022\/06\/logo.png","width":75,"height":128,"caption":"Dr\u017eavni skup \"Istra\u017eivanje u edukaciji matematike\""},"image":{"@id":"https:\/\/events.pmfst.unist.hr\/iem24\/#\/schema\/logo\/image\/"}}]}},"_links":{"self":[{"href":"https:\/\/events.pmfst.unist.hr\/iem24\/wp-json\/wp\/v2\/pages\/34","targetHints":{"allow":["GET"]}}],"collection":[{"href":"https:\/\/events.pmfst.unist.hr\/iem24\/wp-json\/wp\/v2\/pages"}],"about":[{"href":"https:\/\/events.pmfst.unist.hr\/iem24\/wp-json\/wp\/v2\/types\/page"}],"author":[{"embeddable":true,"href":"https:\/\/events.pmfst.unist.hr\/iem24\/wp-json\/wp\/v2\/users\/1"}],"replies":[{"embeddable":true,"href":"https:\/\/events.pmfst.unist.hr\/iem24\/wp-json\/wp\/v2\/comments?post=34"}],"version-history":[{"count":0,"href":"https:\/\/events.pmfst.unist.hr\/iem24\/wp-json\/wp\/v2\/pages\/34\/revisions"}],"wp:attachment":[{"href":"https:\/\/events.pmfst.unist.hr\/iem24\/wp-json\/wp\/v2\/media?parent=34"}],"curies":[{"name":"wp","href":"https:\/\/api.w.org\/{rel}","templated":true}]}}